{"id":648,"date":"2017-03-12T00:36:40","date_gmt":"2017-03-11T23:36:40","guid":{"rendered":"http:\/\/zukunft.marienviertel.de\/?page_id=648"},"modified":"2017-11-11T23:05:29","modified_gmt":"2017-11-11T22:05:29","slug":"begruessung_ideenwerkstatt","status":"publish","type":"page","link":"https:\/\/marienviertel.de\/zukunft\/?page_id=648","title":{"rendered":"Begr\u00fc\u00dfung"},"content":{"rendered":"<p><strong>Ideenwerkstatt Zukunft Marienviertel<\/strong><\/p>\n<p><strong>10.\/11.M\u00e4rz 2017<\/strong><\/p>\n<p><strong>in der von-Ketteler-Schule Dorsten<\/strong><\/p>\n<p>(Es gilt das gesprochene Wort)<\/p>\n<h4>Begr\u00fc\u00dfung der Anwesenden zum Start der Ideenwerkstatt<\/h4>\n<p><a href=\"http:\/\/marienviertel.de\/zukunft\/wordpress\/wp-content\/uploads\/2017\/03\/20170310-192242-2312-Ideenwerkstatt-Springer.jpg\"><img loading=\"lazy\" decoding=\"async\" class=\"wp-image-650 size-full alignleft\" src=\"http:\/\/marienviertel.de\/zukunft\/wordpress\/wp-content\/uploads\/2017\/03\/20170310-192242-2312-Ideenwerkstatt-Springer.jpg\" alt=\"\" width=\"145\" height=\"200\" \/><\/a><\/p>\n<p>Liebe Bewohner und Bewohnerinnen des Marienviertels, sehr geehrte Vertreter der Verwaltung und der Politik, sehr geehrter Herr Feller, die Sparkasse sponsert diese Ideenwerkstatt. Wir freuen uns dar\u00fcber und danken Ihnen!<\/p>\n<p>Ich begr\u00fc\u00dfe Sie alle herzlich zu einem interessanten Experiment, zu einer Ideenwerkstatt \u00fcber die Zukunft des Marienviertels, konkret zu Ideen f\u00fcr die Gestaltung des gesamten Areals der ehemaligen Gerhart-Hauptmann-Schule.<\/p>\n<p>Das Areal liegt quasi mitten im Viertel, ist sozusagen ein Herzst\u00fcck und hat immerhin eine freie Fl\u00e4che von ca. 25000 qm, die es zu entwickeln und zu gestalten gilt. Gl\u00fccklicherweise ist das gesamte Gel\u00e4nde im st\u00e4dtischen Besitz. Das erleichtert eine umfassende Planung ohne Abstimmungsbedarf mit anderen Eigent\u00fcmern.<\/p>\n<p>Eine Gruppe von B\u00fcrgerinnen und B\u00fcrgern aus dem Marienviertel hat sich vor \u00fcber einem Jahr zusammengefunden, um f\u00fcr die Bewohner und Bewohnerinnen dieses Viertels Einflusschancen daf\u00fcr zu erschlie\u00dfen, was aus diesem Gel\u00e4nde mit seinen Geb\u00e4uden werden soll. Wir wollten verhindern, dass Gel\u00e4nde und Geb\u00e4ude an einen Investor verkauft werden, der dann nach seinen Vorstellungen, die nach den Marktgesetzen an einem maximalen Profit orientiert sind, das Gel\u00e4nde beplant und bebaut.<\/p>\n<p>Wir als diejenigen, die hier zum Teil seit Jahrzehnten leben und hier auch weiterhin ihre Zukunft haben wollen, wir wollten ein Forum schaffen f\u00fcr die Menschen hier im Viertel, ihre Ideen und Bed\u00fcrfnisse. Wir wollten und wollen uns zu Wort melden, unsere verschiedenen Interessen einbringen &#8211;\u00a0<strong>und mit der Stadt zusammenarbeiten.<\/strong><\/p>\n<p>(Eine kleine Anmerkung: die Stadt sind \u00fcbrigens wir alle\u00a0und zu dieser Stadt geh\u00f6ren wir B\u00fcrger und B\u00fcrgerinnen, neben den Betrieben und Institutionen, und die Verwaltung und die politischen Gremien, die die Interessen der B\u00fcrger und B\u00fcrgerinnen\u00a0 repr\u00e4sentieren)<\/p>\n<p>Wir wollen uns heute in dieser Ideenwerkstatt an dem Projekt der st\u00e4dtebaulichen Entwicklung des Marienviertels und im besonderen des ehemaligen Sportplatzgel\u00e4ndes der Gerhart-Hauptmann-Schule aktiv beteiligen.<\/p>\n<p><strong>Wir freuen uns, dass dieses erste Ziel erreicht ist: die Ausrichtung der Ideenwerkstatt, an deren Ende wir morgen ein produktives Ergebnis erarbeitet haben. Wir sind sehr zuversichtlich!<\/strong><\/p>\n<p>Wir als Bewohner sind allerdings nur ein Akteur\u00a0 in dieser Sache. Ein anderer wichtiger Akteur ist die Stadt als politische Repr\u00e4sentanz. Sie ist Eigent\u00fcmerin, und sie \u2013 \u201edie Stadt\u201c &#8211; ist ein kompliziertes Gebilde aus \u00c4mtern, Dezernaten, Aussch\u00fcssen und schlie\u00dflich dem gew\u00e4hlten Rat der Stadt Dorsten mit seinem differenzierten politischen Spektrum und seiner Entscheidungskompetenz in dieser, unserer Sache.<\/p>\n<p>Nun, mit unserem Anliegen fanden wir beim B\u00fcrgermeister der Stadt, Tobias Stockhoff, und bei dem Planungsdezernenten, Holger Lohse, offene Ohren. Die zwei Stadtteilgespr\u00e4che im Marienviertel, im M\u00e4rz und November 2016, zu denen die Initiativgruppe \u201eZukunft Marienviertel\u201c die Bewohnerinnen und Bewohner und Vertreter der Stadt eingeladen hatte, haben verschiedene Themen hervorgebracht, die die Marienviertler bewegen.<br \/>\n<strong>Ein zentrales Thema war und ist die Zukunft der Geb\u00e4ude und des Gel\u00e4ndes der ehemaligen Gerhart-Hauptmann-Schule.<br \/>\n<\/strong>Aus diesen zwei Stadtteilgespr\u00e4chen &#8211; die von ihrer Diskussionsdichte und der gro\u00dfen Teilnehmerzahl durchaus beeindruckend waren &#8211; und mehreren Zusammentreffen von Vertretern der Initiative mit Vertretern des Planungsdezernates ist diese <strong>Ideenwerkstatt <\/strong>hervorgegangen. <strong>Sie soll Grundlagen erarbeiten f\u00fcr die Ausschreibung eines Wettbewerbs zur st\u00e4dtebaulichen Entwicklung des genannten Areals und des Marienviertels. <\/strong>Planer und Architekten sollen uns mit ihren Entw\u00fcrfen und Modellen helfen, konkrete, alternative Vorstellungen der Bebauung und der Infrastruktur des Gel\u00e4ndes einschlie\u00dflich der bestehenden Geb\u00e4ude zu entwickeln.<\/p>\n<p><strong>F\u00fcr uns B\u00fcrger ergibt sich daraus die M\u00f6glichkeit und die Aufgabe, an einer qualitativ guten und sachgerechten Entscheidung mitzuwirken.<\/strong><\/p>\n<p>Damit das gelingt und wir kein <strong>Implantat<\/strong> eingepflanzt bekommen, das nicht an den Lebenswelten und Bed\u00fcrfnissen von uns, den Bewohnerinnen und Bewohnern ankn\u00fcpft, <strong>sind unsere Vorstellungen, W\u00fcnsche und Bedarfe gefragt, die wir mit der st\u00e4dtebaulichen Entwicklung unseres Viertels verbinden. <\/strong>Nutzen wir die Chance in dieser Ideenwerkstatt heute und morgen, treten wir in einen kreativen Austausch miteinander. J<strong>etzt ist das Zeitfenster ge\u00f6ffnet f\u00fcr b\u00fcrgerschaftliches Engagement in der Startphase eines Stadtteil-Entwicklungsprozesses<\/strong>, f\u00fcr die Einflussnahme auf eine architektonisch, sozial und infrastrukturell pr\u00e4gende Entwicklung der Zukunft des Marienviertels.<\/p>\n<p>Stra\u00dfen, Wege, Geb\u00e4ude, Freifl\u00e4chen, deren Nutzungsm\u00f6glichkeiten und ihre Einbettung in die Gesamtstruktur der Stadt sind ja nichts anderes als geronnene Gedanken, materialisierte Ergebnisse von Kommunikations- und Entscheidungsprozessen.<\/p>\n<p>In zwei, drei oder auch mehr Jahren werden wir mit dem neu gestalteten Areal, seinen Geb\u00e4uden und Wegen, ihren Nutzungsm\u00f6glichkeiten sowie den Menschen, die zu uns ins Viertel ziehen, leben &#8211; und leben m\u00fcssen, wenn wir uns nicht ge\u00e4u\u00dfert und beteiligt haben.<\/p>\n<p>Dieses interessante Experiment der Ideenwerkstatt hat Frau Utku, eine erfahrenen Stadtplanerin aus Dortmund, mit uns vorbereitet. Sie wird diese Ideenwerkstatt moderieren, uns mit Ihren Mitarbeitern heute und morgen begleiten und uns in wenigen Wochen eine Dokumentation der Werkstatt \u00fcberreichen. Diese ist dann Grundlage f\u00fcr den weiteren Arbeitsprozess unserer Initiative \u201eZukunft Marienviertel\u201c mit der Verwaltung und der Politik unserer Stadt Dorsten.<\/p>\n<p><strong>\u00a0<\/strong>Ich w\u00fcnsche uns allen kreative Gedanken, anregende Gespr\u00e4che und ein produktives Ergebnis dieser Ideenwerkstatt.<br \/>\nIch danke Ihnen f\u00fcr Ihre Aufmerksamkeit!<\/p>\n<p>Prof. Dr. Werner Springer f\u00fcr die Initiative \u201eZukunft Marienviertel\u201c<\/p>\n<p>Dorsten, 10.M\u00e4rz 2017<\/p>\n","protected":false},"excerpt":{"rendered":"<p>Ideenwerkstatt Zukunft Marienviertel 10.\/11.M\u00e4rz 2017 in der von-Ketteler-Schule Dorsten (Es gilt das gesprochene Wort) Begr\u00fc\u00dfung der Anwesenden zum Start der [&hellip;]<\/p>\n","protected":false},"author":1,"featured_media":0,"parent":605,"menu_order":0,"comment_status":"closed","ping_status":"closed","template":"","meta":{"jetpack_post_was_ever_published":false,"footnotes":""},"class_list":["post-648","page","type-page","status-publish","hentry"],"yoast_head":"<!-- This site is optimized with the Yoast SEO plugin v26.7 - https:\/\/yoast.com\/wordpress\/plugins\/seo\/ -->\n<title>Begr\u00fc\u00dfung - Initiative Zukunft Marienviertel<\/title>\n<meta name=\"robots\" content=\"index, follow, max-snippet:-1, max-image-preview:large, max-video-preview:-1\" \/>\n<link rel=\"canonical\" href=\"https:\/\/marienviertel.de\/zukunft\/?page_id=648\" \/>\n<meta property=\"og:locale\" content=\"de_DE\" \/>\n<meta property=\"og:type\" content=\"article\" \/>\n<meta property=\"og:title\" content=\"Begr\u00fc\u00dfung - Initiative Zukunft Marienviertel\" \/>\n<meta property=\"og:description\" content=\"Ideenwerkstatt Zukunft Marienviertel 10.\/11.M\u00e4rz 2017 in der von-Ketteler-Schule Dorsten (Es gilt das gesprochene Wort) Begr\u00fc\u00dfung der Anwesenden zum Start der [&hellip;]\" \/>\n<meta property=\"og:url\" content=\"https:\/\/marienviertel.de\/zukunft\/?page_id=648\" \/>\n<meta property=\"og:site_name\" content=\"Initiative Zukunft Marienviertel\" \/>\n<meta property=\"article:publisher\" content=\"http:\/\/www.facebook.com\/zukunftmarienviertel\" \/>\n<meta property=\"article:modified_time\" content=\"2017-11-11T22:05:29+00:00\" \/>\n<meta property=\"og:image\" content=\"http:\/\/marienviertel.de\/zukunft\/wordpress\/wp-content\/uploads\/2017\/03\/20170310-192242-2312-Ideenwerkstatt-Springer.jpg\" \/>\n<meta name=\"twitter:card\" content=\"summary_large_image\" \/>\n<meta name=\"twitter:label1\" content=\"Gesch\u00e4tzte Lesezeit\" \/>\n\t<meta name=\"twitter:data1\" content=\"4\u00a0Minuten\" \/>\n<script type=\"application\/ld+json\" class=\"yoast-schema-graph\">{\"@context\":\"https:\/\/schema.org\",\"@graph\":[{\"@type\":\"WebPage\",\"@id\":\"https:\/\/marienviertel.de\/zukunft\/?page_id=648\",\"url\":\"https:\/\/marienviertel.de\/zukunft\/?page_id=648\",\"name\":\"Begr\u00fc\u00dfung - Initiative Zukunft Marienviertel\",\"isPartOf\":{\"@id\":\"https:\/\/marienviertel.de\/zukunft\/#website\"},\"primaryImageOfPage\":{\"@id\":\"https:\/\/marienviertel.de\/zukunft\/?page_id=648#primaryimage\"},\"image\":{\"@id\":\"https:\/\/marienviertel.de\/zukunft\/?page_id=648#primaryimage\"},\"thumbnailUrl\":\"http:\/\/marienviertel.de\/zukunft\/wordpress\/wp-content\/uploads\/2017\/03\/20170310-192242-2312-Ideenwerkstatt-Springer.jpg\",\"datePublished\":\"2017-03-11T23:36:40+00:00\",\"dateModified\":\"2017-11-11T22:05:29+00:00\",\"breadcrumb\":{\"@id\":\"https:\/\/marienviertel.de\/zukunft\/?page_id=648#breadcrumb\"},\"inLanguage\":\"de\",\"potentialAction\":[{\"@type\":\"ReadAction\",\"target\":[\"https:\/\/marienviertel.de\/zukunft\/?page_id=648\"]}]},{\"@type\":\"ImageObject\",\"inLanguage\":\"de\",\"@id\":\"https:\/\/marienviertel.de\/zukunft\/?page_id=648#primaryimage\",\"url\":\"http:\/\/marienviertel.de\/zukunft\/wordpress\/wp-content\/uploads\/2017\/03\/20170310-192242-2312-Ideenwerkstatt-Springer.jpg\",\"contentUrl\":\"http:\/\/marienviertel.de\/zukunft\/wordpress\/wp-content\/uploads\/2017\/03\/20170310-192242-2312-Ideenwerkstatt-Springer.jpg\"},{\"@type\":\"BreadcrumbList\",\"@id\":\"https:\/\/marienviertel.de\/zukunft\/?page_id=648#breadcrumb\",\"itemListElement\":[{\"@type\":\"ListItem\",\"position\":1,\"name\":\"Home\",\"item\":\"https:\/\/marienviertel.de\/zukunft\/\"},{\"@type\":\"ListItem\",\"position\":2,\"name\":\"Thema: Areal der G-H-Schule\",\"item\":\"https:\/\/marienviertel.de\/zukunft\/?page_id=86\"},{\"@type\":\"ListItem\",\"position\":3,\"name\":\"Ideenwerkstatt &#8211; der Freitag\",\"item\":\"https:\/\/marienviertel.de\/zukunft\/?page_id=605\"},{\"@type\":\"ListItem\",\"position\":4,\"name\":\"Begr\u00fc\u00dfung\"}]},{\"@type\":\"WebSite\",\"@id\":\"https:\/\/marienviertel.de\/zukunft\/#website\",\"url\":\"https:\/\/marienviertel.de\/zukunft\/\",\"name\":\"Initiative Zukunft Marienviertel\",\"description\":\"\",\"publisher\":{\"@id\":\"https:\/\/marienviertel.de\/zukunft\/#organization\"},\"potentialAction\":[{\"@type\":\"SearchAction\",\"target\":{\"@type\":\"EntryPoint\",\"urlTemplate\":\"https:\/\/marienviertel.de\/zukunft\/?s={search_term_string}\"},\"query-input\":{\"@type\":\"PropertyValueSpecification\",\"valueRequired\":true,\"valueName\":\"search_term_string\"}}],\"inLanguage\":\"de\"},{\"@type\":\"Organization\",\"@id\":\"https:\/\/marienviertel.de\/zukunft\/#organization\",\"name\":\"Initiative Zukunft Marienviertel\",\"url\":\"https:\/\/marienviertel.de\/zukunft\/\",\"logo\":{\"@type\":\"ImageObject\",\"inLanguage\":\"de\",\"@id\":\"https:\/\/marienviertel.de\/zukunft\/#\/schema\/logo\/image\/\",\"url\":\"https:\/\/marienviertel.de\/zukunft\/wordpress\/wp-content\/uploads\/2017\/12\/cropped-cropped-Headerbild1-e1512313986382-300x70.jpg\",\"contentUrl\":\"https:\/\/marienviertel.de\/zukunft\/wordpress\/wp-content\/uploads\/2017\/12\/cropped-cropped-Headerbild1-e1512313986382-300x70.jpg\",\"width\":300,\"height\":70,\"caption\":\"Initiative Zukunft Marienviertel\"},\"image\":{\"@id\":\"https:\/\/marienviertel.de\/zukunft\/#\/schema\/logo\/image\/\"},\"sameAs\":[\"http:\/\/www.facebook.com\/zukunftmarienviertel\"]}]}<\/script>\n<!-- \/ Yoast SEO plugin. -->","yoast_head_json":{"title":"Begr\u00fc\u00dfung - Initiative Zukunft Marienviertel","robots":{"index":"index","follow":"follow","max-snippet":"max-snippet:-1","max-image-preview":"max-image-preview:large","max-video-preview":"max-video-preview:-1"},"canonical":"https:\/\/marienviertel.de\/zukunft\/?page_id=648","og_locale":"de_DE","og_type":"article","og_title":"Begr\u00fc\u00dfung - Initiative Zukunft Marienviertel","og_description":"Ideenwerkstatt Zukunft Marienviertel 10.\/11.M\u00e4rz 2017 in der von-Ketteler-Schule Dorsten (Es gilt das gesprochene Wort) Begr\u00fc\u00dfung der Anwesenden zum Start der [&hellip;]","og_url":"https:\/\/marienviertel.de\/zukunft\/?page_id=648","og_site_name":"Initiative Zukunft Marienviertel","article_publisher":"http:\/\/www.facebook.com\/zukunftmarienviertel","article_modified_time":"2017-11-11T22:05:29+00:00","og_image":[{"url":"http:\/\/marienviertel.de\/zukunft\/wordpress\/wp-content\/uploads\/2017\/03\/20170310-192242-2312-Ideenwerkstatt-Springer.jpg","type":"","width":"","height":""}],"twitter_card":"summary_large_image","twitter_misc":{"Gesch\u00e4tzte Lesezeit":"4\u00a0Minuten"},"schema":{"@context":"https:\/\/schema.org","@graph":[{"@type":"WebPage","@id":"https:\/\/marienviertel.de\/zukunft\/?page_id=648","url":"https:\/\/marienviertel.de\/zukunft\/?page_id=648","name":"Begr\u00fc\u00dfung - Initiative Zukunft Marienviertel","isPartOf":{"@id":"https:\/\/marienviertel.de\/zukunft\/#website"},"primaryImageOfPage":{"@id":"https:\/\/marienviertel.de\/zukunft\/?page_id=648#primaryimage"},"image":{"@id":"https:\/\/marienviertel.de\/zukunft\/?page_id=648#primaryimage"},"thumbnailUrl":"http:\/\/marienviertel.de\/zukunft\/wordpress\/wp-content\/uploads\/2017\/03\/20170310-192242-2312-Ideenwerkstatt-Springer.jpg","datePublished":"2017-03-11T23:36:40+00:00","dateModified":"2017-11-11T22:05:29+00:00","breadcrumb":{"@id":"https:\/\/marienviertel.de\/zukunft\/?page_id=648#breadcrumb"},"inLanguage":"de","potentialAction":[{"@type":"ReadAction","target":["https:\/\/marienviertel.de\/zukunft\/?page_id=648"]}]},{"@type":"ImageObject","inLanguage":"de","@id":"https:\/\/marienviertel.de\/zukunft\/?page_id=648#primaryimage","url":"http:\/\/marienviertel.de\/zukunft\/wordpress\/wp-content\/uploads\/2017\/03\/20170310-192242-2312-Ideenwerkstatt-Springer.jpg","contentUrl":"http:\/\/marienviertel.de\/zukunft\/wordpress\/wp-content\/uploads\/2017\/03\/20170310-192242-2312-Ideenwerkstatt-Springer.jpg"},{"@type":"BreadcrumbList","@id":"https:\/\/marienviertel.de\/zukunft\/?page_id=648#breadcrumb","itemListElement":[{"@type":"ListItem","position":1,"name":"Home","item":"https:\/\/marienviertel.de\/zukunft\/"},{"@type":"ListItem","position":2,"name":"Thema: Areal der G-H-Schule","item":"https:\/\/marienviertel.de\/zukunft\/?page_id=86"},{"@type":"ListItem","position":3,"name":"Ideenwerkstatt &#8211; der Freitag","item":"https:\/\/marienviertel.de\/zukunft\/?page_id=605"},{"@type":"ListItem","position":4,"name":"Begr\u00fc\u00dfung"}]},{"@type":"WebSite","@id":"https:\/\/marienviertel.de\/zukunft\/#website","url":"https:\/\/marienviertel.de\/zukunft\/","name":"Initiative Zukunft Marienviertel","description":"","publisher":{"@id":"https:\/\/marienviertel.de\/zukunft\/#organization"},"potentialAction":[{"@type":"SearchAction","target":{"@type":"EntryPoint","urlTemplate":"https:\/\/marienviertel.de\/zukunft\/?s={search_term_string}"},"query-input":{"@type":"PropertyValueSpecification","valueRequired":true,"valueName":"search_term_string"}}],"inLanguage":"de"},{"@type":"Organization","@id":"https:\/\/marienviertel.de\/zukunft\/#organization","name":"Initiative Zukunft Marienviertel","url":"https:\/\/marienviertel.de\/zukunft\/","logo":{"@type":"ImageObject","inLanguage":"de","@id":"https:\/\/marienviertel.de\/zukunft\/#\/schema\/logo\/image\/","url":"https:\/\/marienviertel.de\/zukunft\/wordpress\/wp-content\/uploads\/2017\/12\/cropped-cropped-Headerbild1-e1512313986382-300x70.jpg","contentUrl":"https:\/\/marienviertel.de\/zukunft\/wordpress\/wp-content\/uploads\/2017\/12\/cropped-cropped-Headerbild1-e1512313986382-300x70.jpg","width":300,"height":70,"caption":"Initiative Zukunft Marienviertel"},"image":{"@id":"https:\/\/marienviertel.de\/zukunft\/#\/schema\/logo\/image\/"},"sameAs":["http:\/\/www.facebook.com\/zukunftmarienviertel"]}]}},"jetpack_sharing_enabled":true,"jetpack_shortlink":"https:\/\/wp.me\/P86m9a-as","_links":{"self":[{"href":"https:\/\/marienviertel.de\/zukunft\/index.php?rest_route=\/wp\/v2\/pages\/648","targetHints":{"allow":["GET"]}}],"collection":[{"href":"https:\/\/marienviertel.de\/zukunft\/index.php?rest_route=\/wp\/v2\/pages"}],"about":[{"href":"https:\/\/marienviertel.de\/zukunft\/index.php?rest_route=\/wp\/v2\/types\/page"}],"author":[{"embeddable":true,"href":"https:\/\/marienviertel.de\/zukunft\/index.php?rest_route=\/wp\/v2\/users\/1"}],"replies":[{"embeddable":true,"href":"https:\/\/marienviertel.de\/zukunft\/index.php?rest_route=%2Fwp%2Fv2%2Fcomments&post=648"}],"version-history":[{"count":8,"href":"https:\/\/marienviertel.de\/zukunft\/index.php?rest_route=\/wp\/v2\/pages\/648\/revisions"}],"predecessor-version":[{"id":1618,"href":"https:\/\/marienviertel.de\/zukunft\/index.php?rest_route=\/wp\/v2\/pages\/648\/revisions\/1618"}],"up":[{"embeddable":true,"href":"https:\/\/marienviertel.de\/zukunft\/index.php?rest_route=\/wp\/v2\/pages\/605"}],"wp:attachment":[{"href":"https:\/\/marienviertel.de\/zukunft\/index.php?rest_route=%2Fwp%2Fv2%2Fmedia&parent=648"}],"curies":[{"name":"wp","href":"https:\/\/api.w.org\/{rel}","templated":true}]}}