{"version":"1.0","provider_name":"HOME | Kulturkreis St. Marien","provider_url":"https:\/\/marienviertel.de\/kulturkreis","author_name":"jotw","author_url":"https:\/\/marienviertel.de\/kulturkreis\/author\/admin\/","title":"Parken beim Cant'Ella-Konzert - HOME | Kulturkreis St. Marien","type":"rich","width":600,"height":338,"html":"<blockquote class=\"wp-embedded-content\" data-secret=\"iv4kvieeld\"><a href=\"https:\/\/marienviertel.de\/kulturkreis\/parken-beim-cantella-konzert\/\">Parken beim Cant&#8217;Ella-Konzert<\/a><\/blockquote><iframe sandbox=\"allow-scripts\" security=\"restricted\" src=\"https:\/\/marienviertel.de\/kulturkreis\/parken-beim-cantella-konzert\/embed\/#?secret=iv4kvieeld\" width=\"600\" height=\"338\" title=\"&#8222;Parken beim Cant&#8217;Ella-Konzert&#8220; &#8211; HOME | Kulturkreis St. Marien\" data-secret=\"iv4kvieeld\" frameborder=\"0\" marginwidth=\"0\" marginheight=\"0\" scrolling=\"no\" class=\"wp-embedded-content\"><\/iframe><script>\n\/*! This file is auto-generated *\/\n!function(d,l){\"use strict\";l.querySelector&&d.addEventListener&&\"undefined\"!=typeof URL&&(d.wp=d.wp||{},d.wp.receiveEmbedMessage||(d.wp.receiveEmbedMessage=function(e){var t=e.data;if((t||t.secret||t.message||t.value)&&!\/[^a-zA-Z0-9]\/.test(t.secret)){for(var s,r,n,a=l.querySelectorAll('iframe[data-secret=\"'+t.secret+'\"]'),o=l.querySelectorAll('blockquote[data-secret=\"'+t.secret+'\"]'),c=new RegExp(\"^https?:$\",\"i\"),i=0;i<o.length;i++)o[i].style.display=\"none\";for(i=0;i<a.length;i++)s=a[i],e.source===s.contentWindow&&(s.removeAttribute(\"style\"),\"height\"===t.message?(1e3<(r=parseInt(t.value,10))?r=1e3:~~r<200&&(r=200),s.height=r):\"link\"===t.message&&(r=new URL(s.getAttribute(\"src\")),n=new URL(t.value),c.test(n.protocol))&&n.host===r.host&&l.activeElement===s&&(d.top.location.href=t.value))}},d.addEventListener(\"message\",d.wp.receiveEmbedMessage,!1),l.addEventListener(\"DOMContentLoaded\",function(){for(var e,t,s=l.querySelectorAll(\"iframe.wp-embedded-content\"),r=0;r<s.length;r++)(t=(e=s[r]).getAttribute(\"data-secret\"))||(t=Math.random().toString(36).substring(2,12),e.src+=\"#?secret=\"+t,e.setAttribute(\"data-secret\",t)),e.contentWindow.postMessage({message:\"ready\",secret:t},\"*\")},!1)))}(window,document);\n\/\/# sourceURL=https:\/\/marienviertel.de\/kulturkreis\/wordpress\/wp-includes\/js\/wp-embed.min.js\n<\/script>\n","thumbnail_url":"https:\/\/marienviertel.de\/kulturkreis\/wordpress\/wp-content\/uploads\/2019\/06\/Parken11-e1559588501433.jpg","thumbnail_width":800,"thumbnail_height":600,"description":"Liebe G\u00e4ste unserer Veranstaltungen, angesichts der vielen von ausw\u00e4rts mit dem Pkw anfahrenden G\u00e4ste und Chormitglieder m\u00f6chten wir hier noch einmal auf die Parkm\u00f6glichkeiten hinweisen. Der Parkplatz der Fa. Sch\u00fcrholz steht uns exklusiv f\u00fcr dieses Konzert zur Verf\u00fcgung (s.u.). Herzlichen Dank an die Familie Sch\u00fcrholz! Hinweis \u00fcber Anfahrt und Parkm\u00f6glichkeiten: Die Benutzung erfolgt stets auf &hellip; weiterlesen &rarr;"}